{"id":3407,"date":"2022-04-28T17:10:21","date_gmt":"2022-04-28T21:10:21","guid":{"rendered":"https:\/\/cerca.org.mx\/?page_id=3407"},"modified":"2022-08-09T18:15:33","modified_gmt":"2022-08-09T22:15:33","slug":"noticias","status":"publish","type":"page","link":"https:\/\/cerca.org.mx\/en\/noticias\/","title":{"rendered":"NEWS"},"content":{"rendered":"<div id=\"pl-3407\"  class=\"panel-layout\" ><div id=\"pg-3407-0\"  class=\"panel-grid panel-has-style\" ><div class=\"panel-row-style panel-row-style-for-3407-0\" ><div id=\"pgc-3407-0-0\"  class=\"panel-grid-cell\" ><div id=\"panel-3407-0-0-0\" class=\"so-panel widget widget_sow-editor panel-first-child panel-last-child\" data-index=\"0\" ><div\n\t\t\t\n\t\t\tclass=\"so-widget-sow-editor so-widget-sow-editor-base\"\n\t\t\t\n\t\t>\n<div class=\"siteorigin-widget-tinymce textwidget\">\n\t<hr \/>\n<h2 style=\"text-align: center;\"><span style=\"color: #2aa5d6;\">NEWS<\/span><\/h2>\n<hr \/>\n<\/div>\n<\/div><\/div><\/div><\/div><\/div><div id=\"pg-3407-1\"  class=\"panel-grid panel-has-style\" ><div class=\"panel-row-style panel-row-style-for-3407-1\" ><div id=\"pgc-3407-1-0\"  class=\"panel-grid-cell\" ><div id=\"panel-3407-1-0-0\" class=\"so-panel widget widget_sow-editor panel-first-child panel-last-child\" data-index=\"1\" ><div\n\t\t\t\n\t\t\tclass=\"so-widget-sow-editor so-widget-sow-editor-base\"\n\t\t\t\n\t\t>\n<div class=\"siteorigin-widget-tinymce textwidget\">\n\t<h4 style=\"text-align: left;\">Articles<\/h4>\n<div class=\"su-posts su-posts-default-loop\">\n<div id=\"su-post-3343\" class=\"su-post\">\n<p>\t\t\t\t\t\t\t\t\t<a class=\"su-post-thumbnail\" href=\"https:\/\/cerca.org.mx\/en\/carrera-recreativa-de-5-km-el-acuario-del-mundo-es-el-aire-que-respiras\/\"><img loading=\"lazy\" decoding=\"async\" width=\"1600\" height=\"1600\" src=\"https:\/\/cerca.org.mx\/wp-content\/uploads\/2022\/03\/5K-carrera.jpg\" class=\"attachment-post-thumbnail size-post-thumbnail wp-post-image\" alt=\"\" srcset=\"https:\/\/cerca.org.mx\/wp-content\/uploads\/2022\/03\/5K-carrera.jpg 1600w, https:\/\/cerca.org.mx\/wp-content\/uploads\/2022\/03\/5K-carrera-300x300.jpg 300w, https:\/\/cerca.org.mx\/wp-content\/uploads\/2022\/03\/5K-carrera-1024x1024.jpg 1024w, https:\/\/cerca.org.mx\/wp-content\/uploads\/2022\/03\/5K-carrera-150x150.jpg 150w, https:\/\/cerca.org.mx\/wp-content\/uploads\/2022\/03\/5K-carrera-768x768.jpg 768w, https:\/\/cerca.org.mx\/wp-content\/uploads\/2022\/03\/5K-carrera-1536x1536.jpg 1536w, https:\/\/cerca.org.mx\/wp-content\/uploads\/2022\/03\/5K-carrera-12x12.jpg 12w\" sizes=\"auto, (max-width: 1600px) 100vw, 1600px\" \/><\/a><\/p>\n<h2 class=\"su-post-title\"><a href=\"https:\/\/cerca.org.mx\/en\/carrera-recreativa-de-5-km-el-acuario-del-mundo-es-el-aire-que-respiras\/\">Recreative 5K Run\/Walk \u201cEl Acuario del Mundo es el Aire Que Respiras\u201d<\/a><\/h2>\n<div class=\"su-post-meta\">\n\t\t\t\t\tPosted: March 16, 2022\t\t\t\t<\/div>\n<div class=\"su-post-excerpt\">\n<p>CERCA te invita a participar en la carrera recreativa de 5 km &#8220;El Acuario del Mundo es el Aire Que Respiras&#8221; Inscr\u00edbete escaneando el c\u00f3digo QR, te esperamos el s\u00e1bado 2 de de abril a 5:00 pm en el kiosco del malec\u00f3n. \u00a1No te pierdas este gran evento ven con toda la familia y corre &hellip;<\/p>\n<p class=\"read-more\"> <a class=\"\" href=\"https:\/\/cerca.org.mx\/en\/carrera-recreativa-de-5-km-el-acuario-del-mundo-es-el-aire-que-respiras\/\"> <span class=\"screen-reader-text\">Recreative 5K Run\/Walk \u201cEl Acuario del Mundo es el Aire Que Respiras\u201d<\/span> Read More &raquo;<\/a><\/p>\n<\/p><\/div>\n<p>\t\t\t\t\t\t\t\t\t<a href=\"https:\/\/cerca.org.mx\/en\/carrera-recreativa-de-5-km-el-acuario-del-mundo-es-el-aire-que-respiras\/#respond\" class=\"su-post-comments-link\">0 comments<\/a><\/p><\/div>\n<div id=\"su-post-3148\" class=\"su-post\">\n<p>\t\t\t\t\t\t\t\t\t<a class=\"su-post-thumbnail\" href=\"https:\/\/cerca.org.mx\/en\/sabes-que-respiras-en-la-paz\/\"><img loading=\"lazy\" decoding=\"async\" width=\"500\" height=\"500\" src=\"https:\/\/cerca.org.mx\/wp-content\/uploads\/2021\/10\/webinar-cerca-y-aclima.jpg\" class=\"attachment-post-thumbnail size-post-thumbnail wp-post-image\" alt=\"\" srcset=\"https:\/\/cerca.org.mx\/wp-content\/uploads\/2021\/10\/webinar-cerca-y-aclima.jpg 500w, https:\/\/cerca.org.mx\/wp-content\/uploads\/2021\/10\/webinar-cerca-y-aclima-300x300.jpg 300w, https:\/\/cerca.org.mx\/wp-content\/uploads\/2021\/10\/webinar-cerca-y-aclima-150x150.jpg 150w\" sizes=\"auto, (max-width: 500px) 100vw, 500px\" \/><\/a><\/p>\n<h2 class=\"su-post-title\"><a href=\"https:\/\/cerca.org.mx\/en\/sabes-que-respiras-en-la-paz\/\">\u00bfSabes qu\u00e9 respiras en La Paz?<\/a><\/h2>\n<div class=\"su-post-meta\">\n\t\t\t\t\tPosted: October 22, 2021\t\t\t\t<\/div>\n<div class=\"su-post-excerpt\">\n<p>Acomp\u00e1\u00f1anos en el pr\u00f3ximo webinar, que se llevar\u00e1 a cabo el 28 de Octubre de 2021, donde se presentar\u00e1n los resultados del monitoreo m\u00f3vil de Aclima y as\u00ed, puedas conocer que respiramos en el aire de nuestra ciudad. Registro e informaci\u00f3n: info@cerca.org.mx<\/p>\n<\/p><\/div>\n<p>\t\t\t\t\t\t\t\t\t<a href=\"https:\/\/cerca.org.mx\/en\/sabes-que-respiras-en-la-paz\/#respond\" class=\"su-post-comments-link\">0 comments<\/a><\/p><\/div>\n<div id=\"su-post-2985\" class=\"su-post\">\n<p>\t\t\t\t\t\t\t\t\t<a class=\"su-post-thumbnail\" href=\"https:\/\/cerca.org.mx\/en\/acuerdo-de-paris-acuerdo-mundial-y-contribucion-de-mexico-ante-el-cambio-climatico\/\"><img loading=\"lazy\" decoding=\"async\" width=\"289\" height=\"289\" src=\"https:\/\/cerca.org.mx\/wp-content\/uploads\/2021\/09\/Acuerdo-mundial-y-contribucion-de-Mexico-Paris.png\" class=\"attachment-post-thumbnail size-post-thumbnail wp-post-image\" alt=\"\" srcset=\"https:\/\/cerca.org.mx\/wp-content\/uploads\/2021\/09\/Acuerdo-mundial-y-contribucion-de-Mexico-Paris.png 289w, https:\/\/cerca.org.mx\/wp-content\/uploads\/2021\/09\/Acuerdo-mundial-y-contribucion-de-Mexico-Paris-150x150.png 150w\" sizes=\"auto, (max-width: 289px) 100vw, 289px\" \/><\/a><\/p>\n<h2 class=\"su-post-title\"><a href=\"https:\/\/cerca.org.mx\/en\/acuerdo-de-paris-acuerdo-mundial-y-contribucion-de-mexico-ante-el-cambio-climatico\/\">Acuerdo mundial y contribuci\u00f3n de M\u00e9xico ante el cambio clim\u00e1tico<\/a><\/h2>\n<div class=\"su-post-meta\">\n\t\t\t\t\tPosted: September 30, 2021\t\t\t\t<\/div>\n<div class=\"su-post-excerpt\">\n<p>El cambio clim\u00e1tico se ha convertido en un problema a nivel mundial el cual constituye una emergencia que va m\u00e1s all\u00e1 de las fronteras nacionales, es un problema que exige soluciones coordinadas y una cooperaci\u00f3n internacional para ayudar a los pa\u00edses a avanzar hacia una econom\u00eda con bajas emisiones de carbono. Con el objetivo de &hellip;<\/p>\n<p class=\"read-more\"> <a class=\"\" href=\"https:\/\/cerca.org.mx\/en\/acuerdo-de-paris-acuerdo-mundial-y-contribucion-de-mexico-ante-el-cambio-climatico\/\"> <span class=\"screen-reader-text\">Acuerdo mundial y contribuci\u00f3n de M\u00e9xico ante el cambio clim\u00e1tico<\/span> Read More &raquo;<\/a><\/p>\n<\/p><\/div>\n<p>\t\t\t\t\t\t\t\t\t<a href=\"https:\/\/cerca.org.mx\/en\/acuerdo-de-paris-acuerdo-mundial-y-contribucion-de-mexico-ante-el-cambio-climatico\/#respond\" class=\"su-post-comments-link\">0 comments<\/a><\/p><\/div>\n<div id=\"su-post-2388\" class=\"su-post\">\n<p>\t\t\t\t\t\t\t\t\t<a class=\"su-post-thumbnail\" href=\"https:\/\/cerca.org.mx\/en\/convenio-con-el-tecnologico-superior-de-ciudad-constitucion\/\"><img loading=\"lazy\" decoding=\"async\" width=\"1080\" height=\"720\" src=\"https:\/\/cerca.org.mx\/wp-content\/uploads\/2021\/09\/FotoBoleti\u0301n3.jpg\" class=\"attachment-post-thumbnail size-post-thumbnail wp-post-image\" alt=\"\" srcset=\"https:\/\/cerca.org.mx\/wp-content\/uploads\/2021\/09\/FotoBoleti\u0301n3.jpg 1080w, https:\/\/cerca.org.mx\/wp-content\/uploads\/2021\/09\/FotoBoleti\u0301n3-300x200.jpg 300w, https:\/\/cerca.org.mx\/wp-content\/uploads\/2021\/09\/FotoBoleti\u0301n3-1024x683.jpg 1024w, https:\/\/cerca.org.mx\/wp-content\/uploads\/2021\/09\/FotoBoleti\u0301n3-768x512.jpg 768w, https:\/\/cerca.org.mx\/wp-content\/uploads\/2021\/09\/FotoBoleti\u0301n3-272x182.jpg 272w\" sizes=\"auto, (max-width: 1080px) 100vw, 1080px\" \/><\/a><\/p>\n<h2 class=\"su-post-title\"><a href=\"https:\/\/cerca.org.mx\/en\/convenio-con-el-tecnologico-superior-de-ciudad-constitucion\/\">CERCA A.C. firma convenio con el Tecnol\u00f3gico Superior de Ciudad Constituci\u00f3n<\/a><\/h2>\n<div class=\"su-post-meta\">\n\t\t\t\t\tPosted: May 26, 2021\t\t\t\t<\/div>\n<div class=\"su-post-excerpt\">\n<p>En CERCA A.C. Seguimos generando v\u00ednculos de calidad, que benefician, tanto para las partes que celebran el convenio, como para las personas que viven en todos los municipios de Baja California Sur.<\/p>\n<\/p><\/div>\n<p>\t\t\t\t\t\t\t\t\t<a href=\"https:\/\/cerca.org.mx\/en\/convenio-con-el-tecnologico-superior-de-ciudad-constitucion\/#respond\" class=\"su-post-comments-link\">0 comments<\/a><\/p><\/div>\n<div id=\"su-post-2354\" class=\"su-post\">\n<p>\t\t\t\t\t\t\t\t\t<a class=\"su-post-thumbnail\" href=\"https:\/\/cerca.org.mx\/en\/agenda-ambiental-2021-para-baja-california-sur-organizaciones-de-la-sociedad-civil\/\"><img loading=\"lazy\" decoding=\"async\" width=\"1066\" height=\"318\" src=\"https:\/\/cerca.org.mx\/wp-content\/uploads\/2021\/10\/Captura-de-Pantalla-2021-05-04-a-las-13.55.58.png\" class=\"attachment-post-thumbnail size-post-thumbnail wp-post-image\" alt=\"\" srcset=\"https:\/\/cerca.org.mx\/wp-content\/uploads\/2021\/10\/Captura-de-Pantalla-2021-05-04-a-las-13.55.58.png 1066w, https:\/\/cerca.org.mx\/wp-content\/uploads\/2021\/10\/Captura-de-Pantalla-2021-05-04-a-las-13.55.58-300x89.png 300w, https:\/\/cerca.org.mx\/wp-content\/uploads\/2021\/10\/Captura-de-Pantalla-2021-05-04-a-las-13.55.58-1024x305.png 1024w, https:\/\/cerca.org.mx\/wp-content\/uploads\/2021\/10\/Captura-de-Pantalla-2021-05-04-a-las-13.55.58-768x229.png 768w\" sizes=\"auto, (max-width: 1066px) 100vw, 1066px\" \/><\/a><\/p>\n<h2 class=\"su-post-title\"><a href=\"https:\/\/cerca.org.mx\/en\/agenda-ambiental-2021-para-baja-california-sur-organizaciones-de-la-sociedad-civil\/\">Agenda Ambiental 2021 para Baja California Sur. Organizaciones de la sociedad civil.<\/a><\/h2>\n<div class=\"su-post-meta\">\n\t\t\t\t\tPosted: May 7, 2021\t\t\t\t<\/div>\n<div class=\"su-post-excerpt\">\n<p>La contaminaci\u00f3n del aire que respiramos en la ciudad de La Paz, no distingue estatus social ni jerarqu\u00eda pol\u00edtica, afecta a todas las personas por igual. La omisi\u00f3n en la toma de decisiones para resolverlo, es en parte, por la inexistencia de un sistema de monitoreo que el gobierno estatal y municipal, seg\u00fan las leyes &hellip;<\/p>\n<p class=\"read-more\"> <a class=\"\" href=\"https:\/\/cerca.org.mx\/en\/agenda-ambiental-2021-para-baja-california-sur-organizaciones-de-la-sociedad-civil\/\"> <span class=\"screen-reader-text\">Agenda Ambiental 2021 para Baja California Sur. Organizaciones de la sociedad civil.<\/span> Read More &raquo;<\/a><\/p>\n<\/p><\/div>\n<p>\t\t\t\t\t\t\t\t\t<a href=\"https:\/\/cerca.org.mx\/en\/agenda-ambiental-2021-para-baja-california-sur-organizaciones-de-la-sociedad-civil\/#respond\" class=\"su-post-comments-link\">0 comments<\/a><\/p><\/div>\n<div id=\"su-post-2338\" class=\"su-post\">\n<p>\t\t\t\t\t\t\t\t\t<a class=\"su-post-thumbnail\" href=\"https:\/\/cerca.org.mx\/en\/organizaciones-urgen-a-candidatos-acciones-contundentes-frente-a-retos-ambientales-en-b-c-s\/\"><img loading=\"lazy\" decoding=\"async\" width=\"1066\" height=\"318\" src=\"https:\/\/cerca.org.mx\/wp-content\/uploads\/2021\/10\/Captura-de-Pantalla-2021-05-04-a-las-13.55.58.png\" class=\"attachment-post-thumbnail size-post-thumbnail wp-post-image\" alt=\"\" srcset=\"https:\/\/cerca.org.mx\/wp-content\/uploads\/2021\/10\/Captura-de-Pantalla-2021-05-04-a-las-13.55.58.png 1066w, https:\/\/cerca.org.mx\/wp-content\/uploads\/2021\/10\/Captura-de-Pantalla-2021-05-04-a-las-13.55.58-300x89.png 300w, https:\/\/cerca.org.mx\/wp-content\/uploads\/2021\/10\/Captura-de-Pantalla-2021-05-04-a-las-13.55.58-1024x305.png 1024w, https:\/\/cerca.org.mx\/wp-content\/uploads\/2021\/10\/Captura-de-Pantalla-2021-05-04-a-las-13.55.58-768x229.png 768w\" sizes=\"auto, (max-width: 1066px) 100vw, 1066px\" \/><\/a><\/p>\n<h2 class=\"su-post-title\"><a href=\"https:\/\/cerca.org.mx\/en\/organizaciones-urgen-a-candidatos-acciones-contundentes-frente-a-retos-ambientales-en-b-c-s\/\">Organizaciones urgen a candidatos acciones contundentes frente a retos ambientales en B.C.S.<\/a><\/h2>\n<div class=\"su-post-meta\">\n\t\t\t\t\tPosted: May 4, 2021\t\t\t\t<\/div>\n<div class=\"su-post-excerpt\">\n<p>Proponen la creaci\u00f3n de una secretar\u00eda estatal de medio ambiente y direcciones municipales aut\u00f3nomas para atender espec\u00edficamente y de manera independiente los temas de medio ambiente.<br \/>\nPiden destinar el 1% del total anual de los egresos estatales y municipales.<\/p>\n<\/p><\/div>\n<p>\t\t\t\t\t\t\t\t\t<a href=\"https:\/\/cerca.org.mx\/en\/organizaciones-urgen-a-candidatos-acciones-contundentes-frente-a-retos-ambientales-en-b-c-s\/#respond\" class=\"su-post-comments-link\">0 comments<\/a><\/p><\/div>\n<div id=\"su-post-2313\" class=\"su-post\">\n<p>\t\t\t\t\t\t\t\t\t<a class=\"su-post-thumbnail\" href=\"https:\/\/cerca.org.mx\/en\/megacruceros-afectan-pesca-y-turismo\/\"><img loading=\"lazy\" decoding=\"async\" width=\"920\" height=\"581\" src=\"https:\/\/cerca.org.mx\/wp-content\/uploads\/2021\/10\/Barcos-en-La-Paz-BCS-megacruceros.jpg\" class=\"attachment-post-thumbnail size-post-thumbnail wp-post-image\" alt=\"\" srcset=\"https:\/\/cerca.org.mx\/wp-content\/uploads\/2021\/10\/Barcos-en-La-Paz-BCS-megacruceros.jpg 920w, https:\/\/cerca.org.mx\/wp-content\/uploads\/2021\/10\/Barcos-en-La-Paz-BCS-megacruceros-300x189.jpg 300w, https:\/\/cerca.org.mx\/wp-content\/uploads\/2021\/10\/Barcos-en-La-Paz-BCS-megacruceros-768x485.jpg 768w\" sizes=\"auto, (max-width: 920px) 100vw, 920px\" \/><\/a><\/p>\n<h2 class=\"su-post-title\"><a href=\"https:\/\/cerca.org.mx\/en\/megacruceros-afectan-pesca-y-turismo\/\">Contaminaci\u00f3n de los megacruceros intoxica Isla Cerralvo y La Paz<\/a><\/h2>\n<div class=\"su-post-meta\">\n\t\t\t\t\tPosted: April 30, 2021\t\t\t\t<\/div>\n<div class=\"su-post-excerpt\">\n<p>La contaminaci\u00f3n generada por los megacruceros y las plantas de la CFE provoca lluvia \u00e1cida que puede afectar a la pesca y las actividades tur\u00edsticas.<\/p>\n<\/p><\/div>\n<p>\t\t\t\t\t\t\t\t\t<a href=\"https:\/\/cerca.org.mx\/en\/megacruceros-afectan-pesca-y-turismo\/#comments\" class=\"su-post-comments-link\">1 comment<\/a><\/p><\/div>\n<div id=\"su-post-2303\" class=\"su-post\">\n<p>\t\t\t\t\t\t\t\t\t<a class=\"su-post-thumbnail\" href=\"https:\/\/cerca.org.mx\/en\/6-megacruceros-y-2-plantas-de-electricidad-la-paz-bcs\/\"><img loading=\"lazy\" decoding=\"async\" width=\"920\" height=\"581\" src=\"https:\/\/cerca.org.mx\/wp-content\/uploads\/2021\/10\/Barcos-en-La-Paz-Baja-California-Sur-Abril-2021-Contaminacio\u0301n-del-aire.jpg\" class=\"attachment-post-thumbnail size-post-thumbnail wp-post-image\" alt=\"\" srcset=\"https:\/\/cerca.org.mx\/wp-content\/uploads\/2021\/10\/Barcos-en-La-Paz-Baja-California-Sur-Abril-2021-Contaminacio\u0301n-del-aire.jpg 920w, https:\/\/cerca.org.mx\/wp-content\/uploads\/2021\/10\/Barcos-en-La-Paz-Baja-California-Sur-Abril-2021-Contaminacio\u0301n-del-aire-300x189.jpg 300w, https:\/\/cerca.org.mx\/wp-content\/uploads\/2021\/10\/Barcos-en-La-Paz-Baja-California-Sur-Abril-2021-Contaminacio\u0301n-del-aire-768x485.jpg 768w\" sizes=\"auto, (max-width: 920px) 100vw, 920px\" \/><\/a><\/p>\n<h2 class=\"su-post-title\"><a href=\"https:\/\/cerca.org.mx\/en\/6-megacruceros-y-2-plantas-de-electricidad-la-paz-bcs\/\">6 megacruceros y 2 plantas de generaci\u00f3n de electricidad ahogan a los habitantes de La Paz.<\/a><\/h2>\n<div class=\"su-post-meta\">\n\t\t\t\t\tPosted: April 27, 2021\t\t\t\t<\/div>\n<div class=\"su-post-excerpt\">\n<p>Tanto los megacruceros c\u00f3mo las plantas de generaci\u00f3n de electricidad en La Paz, BCS queman combust\u00f3leo y arrojan sustancias t\u00f3xicas al aire<\/p>\n<\/p><\/div>\n<p>\t\t\t\t\t\t\t\t\t<a href=\"https:\/\/cerca.org.mx\/en\/6-megacruceros-y-2-plantas-de-electricidad-la-paz-bcs\/#respond\" class=\"su-post-comments-link\">0 comments<\/a><\/p><\/div>\n<div id=\"su-post-2224\" class=\"su-post\">\n<p>\t\t\t\t\t\t\t\t\t<a class=\"su-post-thumbnail\" href=\"https:\/\/cerca.org.mx\/en\/politica-energetica-nacional-condena-a-baja-california-sur-a-depender-de-los-combustibles-fosiles-y-seguir-respirando-aire-contaminado\/\"><img loading=\"lazy\" decoding=\"async\" width=\"300\" height=\"225\" src=\"https:\/\/cerca.org.mx\/wp-content\/uploads\/2021\/10\/2d187369-c0d5-4a4f-9156-55085635e04c-720x540-1-300x225-1.png\" class=\"attachment-post-thumbnail size-post-thumbnail wp-post-image\" alt=\"\" \/><\/a><\/p>\n<h2 class=\"su-post-title\"><a href=\"https:\/\/cerca.org.mx\/en\/politica-energetica-nacional-condena-a-baja-california-sur-a-depender-de-los-combustibles-fosiles-y-seguir-respirando-aire-contaminado\/\">Pol\u00edtica energ\u00e9tica Nacional condena a Baja California Sur a depender de los combustibles f\u00f3siles y seguir respirando aire contaminado<\/a><\/h2>\n<div class=\"su-post-meta\">\n\t\t\t\t\tPosted: March 12, 2021\t\t\t\t<\/div>\n<div class=\"su-post-excerpt\">\n<p>Pol\u00edtica energ\u00e9tica Nacional condena a Baja California Sur a depender de los combustibles f\u00f3siles y seguir respirando aire contaminado Por: German Medrano En marco de la visita del presidente de M\u00e9xico este fin de semana a Baja California Sur, el Centro Mexicano de Derecho Ambiental A.C. (CEMDA), el Observatorio Ciudadano, C\u00f3mo Vamos La Paz, A.C., &hellip;<\/p>\n<p class=\"read-more\"> <a class=\"\" href=\"https:\/\/cerca.org.mx\/en\/politica-energetica-nacional-condena-a-baja-california-sur-a-depender-de-los-combustibles-fosiles-y-seguir-respirando-aire-contaminado\/\"> <span class=\"screen-reader-text\">Pol\u00edtica energ\u00e9tica Nacional condena a Baja California Sur a depender de los combustibles f\u00f3siles y seguir respirando aire contaminado<\/span> Read More &raquo;<\/a><\/p>\n<\/p><\/div>\n<p>\t\t\t\t\t\t\t\t\t<a href=\"https:\/\/cerca.org.mx\/en\/politica-energetica-nacional-condena-a-baja-california-sur-a-depender-de-los-combustibles-fosiles-y-seguir-respirando-aire-contaminado\/#respond\" class=\"su-post-comments-link\">0 comments<\/a><\/p><\/div>\n<div id=\"su-post-2221\" class=\"su-post\">\n<p>\t\t\t\t\t\t\t\t\t<a class=\"su-post-thumbnail\" href=\"https:\/\/cerca.org.mx\/en\/la-politica-energetica-de-amlo-condena-de-bcs-al-uso-de-combustibles-fosiles-sociedad-civil\/\"><img loading=\"lazy\" decoding=\"async\" width=\"300\" height=\"159\" src=\"https:\/\/cerca.org.mx\/wp-content\/uploads\/2021\/10\/16138093321ef42-300x159-1.jpg\" class=\"attachment-post-thumbnail size-post-thumbnail wp-post-image\" alt=\"\" \/><\/a><\/p>\n<h2 class=\"su-post-title\"><a href=\"https:\/\/cerca.org.mx\/en\/la-politica-energetica-de-amlo-condena-de-bcs-al-uso-de-combustibles-fosiles-sociedad-civil\/\">La pol\u00edtica energ\u00e9tica de AMLO condena de BCS al uso de combustibles f\u00f3siles: sociedad civil<\/a><\/h2>\n<div class=\"su-post-meta\">\n\t\t\t\t\tPosted: March 12, 2021\t\t\t\t<\/div>\n<div class=\"su-post-excerpt\">\n<p>La pol\u00edtica energ\u00e9tica de AMLO condena de BCS al uso de combustibles f\u00f3siles: sociedad civil Por: Rodrigo Rebolledo Ramirez La Paz, Baja California Sur. Ante la visita del presidente Andr\u00e9s Manuel L\u00f3pez Obrador a La Paz, un conjunto de asociaciones gubernamentales pidi\u00f3 a las autoridades en materia de energ\u00eda cambiar la decisi\u00f3n de mantener al &hellip;<\/p>\n<p class=\"read-more\"> <a class=\"\" href=\"https:\/\/cerca.org.mx\/en\/la-politica-energetica-de-amlo-condena-de-bcs-al-uso-de-combustibles-fosiles-sociedad-civil\/\"> <span class=\"screen-reader-text\">La pol\u00edtica energ\u00e9tica de AMLO condena de BCS al uso de combustibles f\u00f3siles: sociedad civil<\/span> Read More &raquo;<\/a><\/p>\n<\/p><\/div>\n<p>\t\t\t\t\t\t\t\t\t<a href=\"https:\/\/cerca.org.mx\/en\/la-politica-energetica-de-amlo-condena-de-bcs-al-uso-de-combustibles-fosiles-sociedad-civil\/#respond\" class=\"su-post-comments-link\">0 comments<\/a><\/p><\/div>\n<\/div>\n<\/div>\n<\/div><\/div><\/div><div id=\"pgc-3407-1-1\"  class=\"panel-grid-cell\" ><div id=\"panel-3407-1-1-0\" class=\"so-panel widget widget_sow-editor panel-first-child panel-last-child\" data-index=\"2\" ><div\n\t\t\t\n\t\t\tclass=\"so-widget-sow-editor so-widget-sow-editor-base\"\n\t\t\t\n\t\t>\n<div class=\"siteorigin-widget-tinymce textwidget\">\n\t<p>&nbsp;<br \/>\n<iframe loading=\"lazy\" src=\"https:\/\/www.facebook.com\/plugins\/page.php?href=https%3A%2F%2Fwww.facebook.com%2FCERCABCS&tabs=timeline&width=340&height=500&small_header=false&adapt_container_width=true&hide_cover=false&show_facepile=true&appId=1370989376264467\" width=\"340\" height=\"500\" style=\"border:none;overflow:hidden\" scrolling=\"no\" frameborder=\"0\" allowfullscreen=\"true\" allow=\"autoplay; clipboard-write; encrypted-media; picture-in-picture; web-share\"><\/iframe><br \/>\n&nbsp;<\/p>\n<p>[fts_twitter twitter_name=@CERCABCS tweets_count=10 twitter_height=200px cover_photo=yes stats_bar=yes show_retweets=no show_replies=no]<\/p>\n<\/div>\n<\/div><\/div><\/div><\/div><\/div><\/div>","protected":false},"excerpt":{"rendered":"<p>NOTICIAS Publicaciones: &nbsp; &nbsp; [fts_twitter twitter_name=@CERCABCS tweets_count=10 twitter_height=200px cover_photo=yes stats_bar=yes show_retweets=no show_replies=no]<\/p>","protected":false},"author":1,"featured_media":0,"parent":0,"menu_order":0,"comment_status":"closed","ping_status":"closed","template":"","meta":{"footnotes":""},"class_list":["post-3407","page","type-page","status-publish","hentry"],"_links":{"self":[{"href":"https:\/\/cerca.org.mx\/en\/wp-json\/wp\/v2\/pages\/3407","targetHints":{"allow":["GET"]}}],"collection":[{"href":"https:\/\/cerca.org.mx\/en\/wp-json\/wp\/v2\/pages"}],"about":[{"href":"https:\/\/cerca.org.mx\/en\/wp-json\/wp\/v2\/types\/page"}],"author":[{"embeddable":true,"href":"https:\/\/cerca.org.mx\/en\/wp-json\/wp\/v2\/users\/1"}],"replies":[{"embeddable":true,"href":"https:\/\/cerca.org.mx\/en\/wp-json\/wp\/v2\/comments?post=3407"}],"version-history":[{"count":15,"href":"https:\/\/cerca.org.mx\/en\/wp-json\/wp\/v2\/pages\/3407\/revisions"}],"predecessor-version":[{"id":3602,"href":"https:\/\/cerca.org.mx\/en\/wp-json\/wp\/v2\/pages\/3407\/revisions\/3602"}],"wp:attachment":[{"href":"https:\/\/cerca.org.mx\/en\/wp-json\/wp\/v2\/media?parent=3407"}],"curies":[{"name":"wp","href":"https:\/\/api.w.org\/{rel}","templated":true}]}}