{"id":5019,"date":"2023-05-30T17:58:45","date_gmt":"2023-05-30T21:58:45","guid":{"rendered":"https:\/\/cerca.org.mx\/?page_id=5019"},"modified":"2023-05-31T12:58:06","modified_gmt":"2023-05-31T16:58:06","slug":"informacion-externa","status":"publish","type":"page","link":"https:\/\/cerca.org.mx\/en\/informacion-externa\/","title":{"rendered":"Informaci\u00f3n externa"},"content":{"rendered":"<div id=\"pl-5019\"  class=\"panel-layout\" ><div id=\"pg-5019-0\"  class=\"panel-grid panel-has-style\" ><div class=\"panel-row-style panel-row-style-for-5019-0\" ><div id=\"pgc-5019-0-0\"  class=\"panel-grid-cell\" ><div id=\"panel-5019-0-0-0\" class=\"so-panel widget widget_sow-editor panel-first-child panel-last-child\" data-index=\"0\" ><div\n\t\t\t\n\t\t\tclass=\"so-widget-sow-editor so-widget-sow-editor-base\"\n\t\t\t\n\t\t>\n<div class=\"siteorigin-widget-tinymce textwidget\">\n\t<hr \/>\n<h2 style=\"text-align: center;\"><span style=\"color: #2aa5d6;\">Informaci\u00f3n externa<\/span><\/h2>\n<hr \/>\n<\/div>\n<\/div><\/div><\/div><\/div><\/div><div id=\"pg-5019-1\"  class=\"panel-grid panel-has-style\" ><div class=\"panel-row-style panel-row-style-for-5019-1\" ><div id=\"pgc-5019-1-0\"  class=\"panel-grid-cell\" ><div id=\"panel-5019-1-0-0\" class=\"so-panel widget widget_sow-editor panel-first-child panel-last-child\" data-index=\"1\" ><div\n\t\t\t\n\t\t\tclass=\"so-widget-sow-editor so-widget-sow-editor-base\"\n\t\t\t\n\t\t>\n<div class=\"siteorigin-widget-tinymce textwidget\">\n\t<div class=\"su-spoiler su-spoiler-style-fancy su-spoiler-icon-plus su-spoiler-closed\" data-scroll-offset=\"0\" data-anchor-in-url=\"no\">\n<div class=\"su-spoiler-title\" tabindex=\"0\" role=\"button\"><span class=\"su-spoiler-icon\"><\/span>C\u00e9dulas de Operaci\u00f3n Anual (COA)<\/div>\n<div class=\"su-spoiler-content su-u-clearfix su-u-trim\">\n<h4>Central Termoel\u00e9ctrica Punta Prieta<\/h4>\n<ul>\n<li><a href=\"https:\/\/cerca.org.mx\/wp-content\/uploads\/2023\/05\/COA-2018-CT-PUNTA-PRIETA-TESTADO-v1.pdf\">C\u00e9dula de Operaci\u00f3n Anual (COA) &#8211; Central Termoel\u00e9ctrica Punta Prieta &#8211; Testada (2018)<\/a><\/li>\n<li><a href=\"https:\/\/cerca.org.mx\/wp-content\/uploads\/2023\/05\/COA-2019-CT-PUNTA-PRIETA-PUBLICA.pdf\">C\u00e9dula de Operaci\u00f3n Anual (COA) &#8211; Central Termoel\u00e9ctrica Punta Prieta <\/a><a href=\"https:\/\/cerca.org.mx\/wp-content\/uploads\/2023\/05\/COA-2018-CT-PUNTA-PRIETA-TESTADO-v1.pdf\">&#8211; P\u00fablica <\/a><a href=\"https:\/\/cerca.org.mx\/wp-content\/uploads\/2023\/05\/COA-2019-CT-PUNTA-PRIETA-PUBLICA.pdf\">(2019)<\/a><\/li>\n<li><a href=\"https:\/\/cerca.org.mx\/wp-content\/uploads\/2023\/05\/COA-2020-CT-PUNTA-PRIETA-y-TURBOGAS-LA-PAZ-publica-V2.pdf\">C\u00e9dula de Operaci\u00f3n Anual (COA) &#8211; Central Termoel\u00e9ctrica Punta Prieta y Turbogas<\/a><a href=\"https:\/\/cerca.org.mx\/wp-content\/uploads\/2023\/05\/COA-2018-CT-PUNTA-PRIETA-TESTADO-v1.pdf\"> &#8211; P\u00fablica <\/a><a href=\"https:\/\/cerca.org.mx\/wp-content\/uploads\/2023\/05\/COA-2020-CT-PUNTA-PRIETA-y-TURBOGAS-LA-PAZ-publica-V2.pdf\">(2020)<\/a><\/li>\n<li><a href=\"https:\/\/cerca.org.mx\/wp-content\/uploads\/2023\/05\/COA-CT.-PUNTA-PRIETA-2021-Testada.pdf\">C\u00e9dula de Operaci\u00f3n Anual (COA) &#8211; Central Termoel\u00e9ctrica Punta Prieta <\/a><a href=\"https:\/\/cerca.org.mx\/wp-content\/uploads\/2023\/05\/COA-2018-CT-PUNTA-PRIETA-TESTADO-v1.pdf\">&#8211; Testada <\/a><a href=\"https:\/\/cerca.org.mx\/wp-content\/uploads\/2023\/05\/COA-CT.-PUNTA-PRIETA-2021-Testada.pdf\">(2021)<\/a><\/li>\n<\/ul>\n<p>&nbsp;<\/p>\n<h4>Centro de Combusti\u00f3n Interna Baja California Sur<\/h4>\n<ul>\n<li><a href=\"https:\/\/cerca.org.mx\/wp-content\/uploads\/2023\/05\/COA-CCIBCS-2018-PUBLICA.pdf\">C\u00e9dula de Operaci\u00f3n Anual (COA) &#8211; Centro de Combusti\u00f3n Interna Baja California Sur &#8211; P\u00fablica (2018)<\/a><\/li>\n<li><a href=\"https:\/\/cerca.org.mx\/wp-content\/uploads\/2023\/05\/COA-CCIBCS-2018-TESTADO.pdf\">C\u00e9dula de Operaci\u00f3n Anual (COA) &#8211; Centro de Combusti\u00f3n Interna Baja California Sur &#8211; Testada (2018)<\/a><\/li>\n<li><a href=\"https:\/\/cerca.org.mx\/wp-content\/uploads\/2023\/05\/COA-2019-CCIBCS-Publica.pdf\">C\u00e9dula de Operaci\u00f3n Anual (COA) &#8211; Centro de Combusti\u00f3n Interna Baja California Sur &#8211; P\u00fablica (2019)<\/a><\/li>\n<li><a href=\"https:\/\/cerca.org.mx\/wp-content\/uploads\/2023\/05\/COA-2020-CCIBCS-Publica-V2.pdf\">C\u00e9dula de Operaci\u00f3n Anual (COA) &#8211; Centro de Combusti\u00f3n Interna Baja California Sur &#8211; P\u00fablica (2020)<\/a><\/li>\n<li><a href=\"https:\/\/cerca.org.mx\/wp-content\/uploads\/2023\/05\/COA-CCI-La-Paz-2021.pdf\">C\u00e9dula de Operaci\u00f3n Anual (COA) &#8211; Centro de Combusti\u00f3n Interna Baja California Sur (2021)<\/a><\/li>\n<li><a href=\"https:\/\/cerca.org.mx\/wp-content\/uploads\/2023\/05\/COA-CCI-La-Paz-2021-caratula.pdf\">C\u00e9dula de Operaci\u00f3n Anual (COA) &#8211; Centro de Combusti\u00f3n Interna Baja California Sur &#8211; Caratula (2021)<\/a><\/li>\n<\/ul>\n<p>&nbsp;<\/p>\n<h4>Gral. Agust\u00edn Olachea<\/h4>\n<ul>\n<li><a href=\"https:\/\/cerca.org.mx\/wp-content\/uploads\/2023\/05\/COA-GAO-2010.-AGUSTINOLACHEA-2010.pdf\">C\u00e9dula de Operaci\u00f3n Anual (COA) &#8211;\u00a0 Gral. Agust\u00edn Olachea (2010)<\/a><\/li>\n<li><a href=\"https:\/\/cerca.org.mx\/wp-content\/uploads\/2023\/05\/COA-GAO-2011.-AGUSTINOLACHEA-2011.pdf\">C\u00e9dula de Operaci\u00f3n Anual (COA) &#8211; Gral. Agust\u00edn Olachea (2011)<\/a><\/li>\n<li><a href=\"https:\/\/cerca.org.mx\/wp-content\/uploads\/2023\/05\/COA-GAO-2013.-AGUSTINOLACHEA-2013.pdf\">C\u00e9dula de Operaci\u00f3n Anual (COA) &#8211; Gral. Agust\u00edn Olachea (2013)<\/a><\/li>\n<li><a href=\"https:\/\/cerca.org.mx\/wp-content\/uploads\/2023\/05\/COA-GAO-2014.-AGUSTINOLACHEA-2014.pdf\">C\u00e9dula de Operaci\u00f3n Anual (COA) &#8211; Gral. Agust\u00edn Olachea (2014)<\/a><\/li>\n<li><a href=\"https:\/\/cerca.org.mx\/wp-content\/uploads\/2023\/05\/LICENCIA-DE-FUNCIONAMIENTO-GRAL.-AGUSTIN-OLACHEA.pdf\">Licencia de Funcionamiento &#8211; Gral. Agust\u00edn Olachea<\/a><\/li>\n<li><a href=\"https:\/\/cerca.org.mx\/wp-content\/uploads\/2023\/05\/COA-2018-GAO-Testada-pdf.pdf\">C\u00e9dula de Operaci\u00f3n Anual (COA) &#8211; Gral. Agust\u00edn Olachea &#8211; Testada (2018)<\/a><\/li>\n<li><a href=\"https:\/\/cerca.org.mx\/wp-content\/uploads\/2023\/05\/COA-2019-PUBLICA-v1.pdf\">C\u00e9dula de Operaci\u00f3n Anual (COA) &#8211; Gral. Agust\u00edn Olachea &#8211; P\u00fablica (2019)<\/a><\/li>\n<li><a href=\"https:\/\/cerca.org.mx\/wp-content\/uploads\/2023\/05\/COA-2020-PUBLICA-v1.pdf\">C\u00e9dula de Operaci\u00f3n Anual COA &#8211; Gral. Agust\u00edn Olachea &#8211; P\u00fablica (2020)<\/a><\/li>\n<li><a href=\"https:\/\/cerca.org.mx\/wp-content\/uploads\/2023\/05\/COA-2021-Agustin-OlacheaPUBLICA.pdf\">C\u00e9dula de Operaci\u00f3n Anual COA &#8211; Gral. Agust\u00edn Olachea &#8211; P\u00fablica (2021)<\/a><\/li>\n<\/ul>\n<\/div>\n<\/div>\n<\/div>\n<\/div><\/div><\/div><\/div><\/div><\/div>","protected":false},"excerpt":{"rendered":"<p>Informaci\u00f3n externa<\/p>","protected":false},"author":1,"featured_media":0,"parent":0,"menu_order":0,"comment_status":"closed","ping_status":"closed","template":"","meta":{"footnotes":""},"class_list":["post-5019","page","type-page","status-publish","hentry"],"_links":{"self":[{"href":"https:\/\/cerca.org.mx\/en\/wp-json\/wp\/v2\/pages\/5019","targetHints":{"allow":["GET"]}}],"collection":[{"href":"https:\/\/cerca.org.mx\/en\/wp-json\/wp\/v2\/pages"}],"about":[{"href":"https:\/\/cerca.org.mx\/en\/wp-json\/wp\/v2\/types\/page"}],"author":[{"embeddable":true,"href":"https:\/\/cerca.org.mx\/en\/wp-json\/wp\/v2\/users\/1"}],"replies":[{"embeddable":true,"href":"https:\/\/cerca.org.mx\/en\/wp-json\/wp\/v2\/comments?post=5019"}],"version-history":[{"count":5,"href":"https:\/\/cerca.org.mx\/en\/wp-json\/wp\/v2\/pages\/5019\/revisions"}],"predecessor-version":[{"id":5026,"href":"https:\/\/cerca.org.mx\/en\/wp-json\/wp\/v2\/pages\/5019\/revisions\/5026"}],"wp:attachment":[{"href":"https:\/\/cerca.org.mx\/en\/wp-json\/wp\/v2\/media?parent=5019"}],"curies":[{"name":"wp","href":"https:\/\/api.w.org\/{rel}","templated":true}]}}