{"id":5153,"date":"2023-09-04T11:46:24","date_gmt":"2023-09-04T15:46:24","guid":{"rendered":"https:\/\/cerca.org.mx\/?page_id=5153"},"modified":"2023-10-06T10:51:13","modified_gmt":"2023-10-06T14:51:13","slug":"proyectos-de-seminario","status":"publish","type":"page","link":"https:\/\/cerca.org.mx\/en\/proyectos-de-seminario\/","title":{"rendered":"Proyectos de Seminario"},"content":{"rendered":"<div id=\"pl-5153\"  class=\"panel-layout\" ><div id=\"pg-5153-0\"  class=\"panel-grid panel-has-style\" ><div class=\"siteorigin-panels-stretch panel-row-style panel-row-style-for-5153-0\" data-stretch-type=\"full-stretched\" ><div id=\"pgc-5153-0-0\"  class=\"panel-grid-cell\" ><div id=\"panel-5153-0-0-0\" class=\"so-panel widget widget_sow-hero panel-first-child panel-last-child\" data-index=\"0\" ><div\n\t\t\t\n\t\t\tclass=\"so-widget-sow-hero so-widget-sow-hero-default-d9a582961842-5153 so-widget-fittext-wrapper\"\n\t\t\t data-fit-text-compressor=\"0.85\"\n\t\t>\t\t\t\t<div class=\"sow-slider-base\" style=\"display: none\">\n\t\t\t\t\t<ul\n\t\t\t\t\tclass=\"sow-slider-images\"\n\t\t\t\t\tdata-settings=\"{&quot;pagination&quot;:true,&quot;speed&quot;:800,&quot;timeout&quot;:8000,&quot;paused&quot;:true,&quot;pause_on_hover&quot;:false,&quot;swipe&quot;:true,&quot;nav_always_show_desktop&quot;:&quot;&quot;,&quot;nav_always_show_mobile&quot;:&quot;&quot;,&quot;breakpoint&quot;:&quot;780px&quot;,&quot;unmute&quot;:false,&quot;anchor&quot;:null}\"\n\t\t\t\t\tstyle=\"min-height: 40%\"\t\t\t\t\tdata-anchor-id=\"\"\n\t\t\t\t>\t\t<li class=\"sow-slider-image  sow-slider-image-cover\" style=\"visibility: visible;;background-color: #333333;background-image: url(https:\/\/cerca.org.mx\/wp-content\/uploads\/2023\/09\/ymo86cqv.png)\" >\n\t\t\t\t\t<div class=\"sow-slider-image-container\">\n\t\t\t<div class=\"sow-slider-image-wrapper\">\n\t\t\t\t<h1 style=\"text-align: center;color: ffffff;font-size: 120px\">SEMINARIO DE EMPRENDIMIENTO E INNOVACI\u00d3N<\/h1>\t\t\t<\/div>\n\t\t<\/div>\n\t\t\t\t<\/li>\n\t\t<\/ul>\t\t\t\t<ol class=\"sow-slider-pagination\">\n\t\t\t\t\t\t\t\t\t\t\t<li><a href=\"#\" data-goto=\"0\" aria-label=\"display slide 1\"><\/a><\/li>\n\t\t\t\t\t\t\t\t\t<\/ol>\n\n\t\t\t\t<div class=\"sow-slide-nav sow-slide-nav-next\">\n\t\t\t\t\t<a href=\"#\" data-goto=\"next\" aria-label=\"next slide\" data-action=\"next\">\n\t\t\t\t\t\t<em class=\"sow-sld-icon-thin-right\"><\/em>\n\t\t\t\t\t<\/a>\n\t\t\t\t<\/div>\n\n\t\t\t\t<div class=\"sow-slide-nav sow-slide-nav-prev\">\n\t\t\t\t\t<a href=\"#\" data-goto=\"previous\" aria-label=\"previous slide\" data-action=\"prev\">\n\t\t\t\t\t\t<em class=\"sow-sld-icon-thin-left\"><\/em>\n\t\t\t\t\t<\/a>\n\t\t\t\t<\/div>\n\t\t\t\t<\/div><\/div><\/div><\/div><\/div><\/div><div id=\"pg-5153-1\"  class=\"panel-grid panel-no-style\" ><div id=\"pgc-5153-1-0\"  class=\"panel-grid-cell\" ><div id=\"panel-5153-1-0-0\" class=\"so-panel widget widget_sow-editor panel-first-child panel-last-child\" data-index=\"1\" ><div\n\t\t\t\n\t\t\tclass=\"so-widget-sow-editor so-widget-sow-editor-base\"\n\t\t\t\n\t\t>\n<div class=\"siteorigin-widget-tinymce textwidget\">\n\t<p style=\"text-align: center;\"><iframe loading=\"lazy\" width=\"560\" height=\"315\" src=\"https:\/\/www.youtube.com\/embed\/2C-hsnQS6ZY?si=rxDbxclns6oU9wi_\" title=\"YouTube video player\" frameborder=\"0\" allow=\"accelerometer; autoplay; clipboard-write; encrypted-media; gyroscope; picture-in-picture; web-share\" allowfullscreen><\/iframe><\/p>\n<\/div>\n<\/div><\/div><\/div><\/div><div id=\"pg-5153-2\"  class=\"panel-grid panel-has-style\" ><div class=\"panel-row-style panel-row-style-for-5153-2\" ><div id=\"pgc-5153-2-0\"  class=\"panel-grid-cell\" ><div id=\"panel-5153-2-0-0\" class=\"so-panel widget widget_sow-editor panel-first-child panel-last-child\" data-index=\"2\" ><div\n\t\t\t\n\t\t\tclass=\"so-widget-sow-editor so-widget-sow-editor-base\"\n\t\t\t\n\t\t>\n<div class=\"siteorigin-widget-tinymce textwidget\">\n\t<p>CERCA es una organizaci\u00f3n civil fundada en 2016, apartidista, que promueve la transici\u00f3n energ\u00e9tica y calidad ambiental para el estado de Baja California Sur, realiza las gestiones necesarias y su posicionamiento en la agenda p\u00fablica para la mejora de las pol\u00edticas p\u00fablicas. De manera adicional, trabaja de forma colaborativa con organizaciones, academia e instituciones de gobierno, as\u00ed como agencias internacionales para el logro de su visi\u00f3n y misi\u00f3n.<br \/>\nAcorde a nuestra visi\u00f3n y misi\u00f3n, estamos convocando a j\u00f3venes a partir de los 15 a\u00f1os que tengan una idea para iniciar un emprendimiento o que ya tengan un proyecto de emprendimiento aplicable en las comunidades rurales que se encuentran fuera de la red el\u00e9ctrica convencional.<\/p>\n<\/div>\n<\/div><\/div><\/div><div id=\"pgc-5153-2-1\"  class=\"panel-grid-cell\" ><div id=\"panel-5153-2-1-0\" class=\"so-panel widget widget_sow-editor panel-first-child panel-last-child\" data-index=\"3\" ><div\n\t\t\t\n\t\t\tclass=\"so-widget-sow-editor so-widget-sow-editor-base\"\n\t\t\t\n\t\t>\n<div class=\"siteorigin-widget-tinymce textwidget\">\n\t<p style=\"text-align: center;\">\n<style>\n<p>#wpsm_counter_b_row_5213 .wpsm_counterbox\n{\n\ttext-align:center;\n\tmargin-top:50px;\n\tmargin-bottom:50px;\n}\n#wpsm_counter_b_row_5213 .wpsm_counterbox .wpsm_count-icon{\n\tdisplay:block;\n\tmargin-top:20px;\n\tpadding-top:0px;\n\tpadding-bottom:0px;\n\tmargin-bottom:0px;\n\tmargin:0 auto;\n}\n#wpsm_counter_b_row_5213 .wpsm_counterbox .wpsm_count-icon i{\n\tfont-size:20px;\n\tcolor:#000000;\n}\n#wpsm_counter_b_row_5213 .wpsm_counterbox .wpsm_number{\n\tfont-size:18px;\n\tfont-weight:400;\n\tcolor:#000000;\n\tfont-family:'Open Sans';\n\tletter-spacing:2px;\n\tmargin-top:20px;\n\tline-height: 1.3em;\n\tpadding-top:0px;\n\tpadding-bottom:0px;\n\tmargin-bottom:0px;\n}\n#wpsm_counter_b_row_5213 .wpsm_counterbox .wpsm_count-title{\n    font-size:18px;\n\tfont-weight:bolder;\n\tfont-family:'Open Sans';\n\tletter-spacing:2px;\n    color: #000000;\n\tfont-weight:400;\n\tmargin-top:20px;\n\tpadding-top:0px;\n\tpadding-bottom:0px;\n\tmargin-bottom:0px;\n\tline-height: 1.3em;\n}<\/p>\n<\/style>\n<style>\n\t\t#wpsm_counter_b_row_5213\t\t\t{<\/p>\n<p>\t\t\t\tposition:relative;\n\t\t\t\twidth:100%;\n\t\t\t\toverflow:hidden;\n\t\t\t\ttext-align:center;\n\t\t\t}<\/p>\n<p>\t\t\t#wpsm_counter_b_row_5213 .wpsm_row{\n\t\t\toverflow:hidden;\n\t\t\tdisplay:block;\n\t\t\twidth:100%;\n\t\t\t} <\/p>\n<p>\t\t\t#wpsm_counter_b_row_5213 .wpsm_row{\n\t\t\toverflow:visible;\n\t\t\t} <\/p>\n<p>\t\t\t#wpsm_counter_b_row_5213 .wpsm_counterbox .wpsm_count-title{\n\t\t\tmin-height:56px;\n\t\t\t}}<\/p>\n<\/style>\n<div class=\"wpsm_counter_b_row\" id=\"wpsm_counter_b_row_5213\">\n<div>\n<div class=\"wpsm_row\">\n<div class=\"wpsm_col-md-4 wpsm_col-sm-6\">\n<div class=\"wpsm_counterbox\">\n<div class=\"wpsm_count-icon\"><i #000000 class=\"fa fa-thumbs-o-up\"><\/i><\/div>\n<div class=\"wpsm_number\" style=\"#000000\" >\n\t\t\t\t\t\t   <span class=\"counter\">8\t\t\t\t\t\t   <\/span><\/p><\/div>\n<h3 class=\"wpsm_count-title\" #000000> Proyectos a la fecha<\/h3>\n<\/p><\/div>\n<\/p><\/div>\n<\/p><\/div>\n<\/p><\/div>\n<\/p><\/div><\/p>\n<\/div>\n<\/div><\/div><\/div><\/div><\/div><div id=\"pg-5153-3\"  class=\"panel-grid panel-has-style\" ><div class=\"panel-row-style panel-row-style-for-5153-3\" ><div id=\"pgc-5153-3-0\"  class=\"panel-grid-cell\" ><div id=\"panel-5153-3-0-0\" class=\"so-panel widget widget_sow-editor panel-first-child panel-last-child\" data-index=\"4\" ><div\n\t\t\t\n\t\t\tclass=\"so-widget-sow-editor so-widget-sow-editor-base\"\n\t\t\t\n\t\t>\n<div class=\"siteorigin-widget-tinymce textwidget\">\n\t<h1 style=\"color: #005bab; text-align: center;\"><strong>Preguntas frecuentes<br \/>\n<\/strong><\/h1>\n<h5><strong>\u00bfQu\u00e9 es el Seminario de Innovaci\u00f3n para J\u00f3venes?<\/strong><\/h5>\n<p>Es una serie de capacitaciones impartidas por personal capacitado del Centro de Investigaciones Biol\u00f3gicas del Noroeste S.C. (CIBNOR) en colaboraci\u00f3n con el Centro de Energ\u00eda Renovable y Calidad Ambiental (CERCA A.C.) que a lo largo de 6 m\u00f3dulos te guiar\u00e1n para generar el desarrollo de una idea o proyecto de innovaci\u00f3n tecnol\u00f3gica que tenga como objetivo impactar de manera favorable a comunidades rurales del estado de B.C.S. que no se encuentran electrificadas de la red.<\/p>\n<h5><strong>\u00bfQu\u00e9 necesito para poder participar?<\/strong><\/h5>\n<p>Puedes participar si cuentas entre 15 y 29 a\u00f1os de edad, inter\u00e9s en desarrollar tu proyecto o emprendimiento desde cero.<\/p>\n<h5><strong>\u00bfC\u00f3mo puedo participar ?<\/strong><\/h5>\n<p>Inscribi\u00e9ndote en la convocatoria tendr\u00e1n la oportunidad de tomar los m\u00f3dulos presenciales si quieres participar y capacitarse o si tienes una idea de proyecto para implementar en comunidades rurales de B.C.S. tendr\u00e1s la oportunidad de tomar las capacitaciones de manera virtual y ser parte del grupo Comunidades de Proyecto.<\/p>\n<h5><strong>\u00bfQu\u00e9 beneficios me genera entrar al Seminario de Innovaci\u00f3n para J\u00f3venes?<\/strong><\/h5>\n<p>Te capacitamos en temas c\u00f3mo desarrollo de proyectos, administraci\u00f3n y viabilidad econ\u00f3mica. Los temas que aprender\u00e1s en el seminario son: Metodolog\u00eda de emprendimientos (modelos, constituci\u00f3n legal y regulaciones); Propiedad intelectual y desarrollo tecnol\u00f3gico; Econom\u00eda y tecnolog\u00eda; Mercado y software; B\u00fasqueda de recursos (financiamiento).<\/p>\n<h5><strong>\u00bfCu\u00e1les son las fechas l\u00edmites para participar?<\/strong><\/h5>\n<p>Se inicia en el municipio de Loreto el 04 y 05 de septiembre en sede UABCS Loreto, Heroica Muleg\u00e9 el 07, 08 y 11 de septiembre, Ciudad Constituci\u00f3n y La Paz en las fechas de 12, 13 y 14 de septiembre y Los Cabos el 18 al 20 de septiembre.<\/p>\n<h5><strong>Si tengo una idea o proyecto para implementar en comunidades rurales, \u00bfcon qui\u00e9n me puedo acercar para compartir mi idea?<\/strong><\/h5>\n<p>Completa \u00e9ste formulario para ser parte de la \u201cComunidad de Proyectos\u201d. Dudas o aclaraciones puedes contactarnos por el correo electr\u00f3nico de <a href=\"mailto:info@cerca.org.mx\">info@cerca.org.mx<\/a><\/p>\n<h5><strong>\u00bfLos proyectos tienen que ser individuales o por equipo? Si es el caso, \u00bfCu\u00e1nto es el l\u00edmite de participantes por proyecto?<\/strong><\/h5>\n<p>No existe un l\u00edmite de cantidad de personas por proyecto pero solamente pueden ir 2 representantes por proyecto.<\/p>\n<h5><strong>\u00bfLas ideas y proyectos a generar deben ser preferentemente enfocados a proyectos productivos para las comunidades rurales o se puede adaptar en otros aspectos?<\/strong><\/h5>\n<p>Se est\u00e1 dando prioridad a las ideas de proyectos que aporten al sector productivo, ya sea para resolver necesidades primarias c\u00f3mo el Agua, la Electricidad, Drenaje y Alcantarillado o de sectores de trabajo c\u00f3mo Agricultura, Ganader\u00eda y Pesca. (incluir descripci\u00f3n con desarrollo de tecnolog\u00edas\/enotecnias).<\/p>\n<h5><strong>\u00bfCu\u00e1les son los lineamientos que debe cumplir la idea o proyecto para que pueda participar?<\/strong><\/h5>\n<h6><em><strong>En el caso de la idea o proyecto que se centre en las actividades de pesca y acuacultura:<\/strong><\/em><\/h6>\n<ul>\n<li style=\"list-style-type: none;\">\n<ul>\n<li aria-level=\"1\">- Dise\u00f1arse e implementarse de tal forma que eviten la sobrepesca o la contaminaci\u00f3n del agua.<\/li>\n<li aria-level=\"1\">- La limpieza y extracci\u00f3n de la carne de pescado se llevar\u00e1 a cabo a 30 metros o m\u00e1s de cualquier cuerpo de agua.<\/li>\n<li aria-level=\"1\">- Se proporcionar\u00e1 a los participantes capacitaci\u00f3n en los procedimientos adecuados de salud y sanitarios, y en la disposici\u00f3n de los desechos derivados del procesamiento de pescado.<\/li>\n<li aria-level=\"1\">- Aplicar protocolos de bioseguridad (limpieza y desinfecci\u00f3n) para prevenir riesgos o contagios.<\/li>\n<li aria-level=\"1\">- Disposici\u00f3n de residuos org\u00e1nicos para evitar la contaminaci\u00f3n.<\/li>\n<li aria-level=\"1\">- Obtener permisos\/licencias legales requeridas por autoridades para este tipo de actividades. Respetar las \u00e1reas, estaciones y especies prohibidas.<\/li>\n<li aria-level=\"1\">- Garantizar el uso de equipos de protecci\u00f3n personal, as\u00ed como el correcto uso de se\u00f1alizaci\u00f3n seg\u00fan sea necesario.<\/li>\n<li aria-level=\"1\">- Garantizar que los ecosistemas sensibles, como manglares, humedales, alta monta\u00f1a, \u00e1reas estrat\u00e9gicas, arrecifes de coral o rocosos, pastos marinos y otros no se vean afectados negativamente por estas actividades.<\/li>\n<li aria-level=\"1\">- Promover el uso responsable del agua y t\u00e9cnicas de almacenamiento de agua.<\/li>\n<\/ul>\n<\/li>\n<\/ul>\n<p>&nbsp;<\/p>\n<h6><em><strong>En el caso de la idea o proyecto que se centre en actividades agr\u00edcolas \u00f3 ganaderas:\u00a0<\/strong><\/em><\/h6>\n<ul>\n<li style=\"list-style-type: none;\">\n<ul>\n<li aria-level=\"1\">- No proporcionar apoyos agr\u00edcolas en \u00e1reas protegidas y ecosistemas sensibles.<\/li>\n<li aria-level=\"1\">- No se introducir\u00e1n especies invasoras.<\/li>\n<li aria-level=\"1\">- La adquisici\u00f3n de semillas, pesticidas, y fertilizantes est\u00e1 prohibida bajo esta subvenci\u00f3n.<\/li>\n<li aria-level=\"1\">- No convertir \u00e1reas protegidas o sitios no degradados para uso agr\u00edcola.<\/li>\n<li aria-level=\"1\">- La implementaci\u00f3n por parte de la organizaci\u00f3n promover\u00e1 las buenas pr\u00e1cticas agr\u00edcolas y de uso sostenible del agua.<\/li>\n<li aria-level=\"1\">- Dise\u00f1arse e implementarse de tal forma que eviten la contaminaci\u00f3n del agua o del suelo, y la contaminaci\u00f3n por olor o ruido.<\/li>\n<li aria-level=\"1\">- Aislar fuentes de agua para evitar el acceso directo del ganado y\/o especies menores. Promover el uso eficiente del agua.<\/li>\n<\/ul>\n<\/li>\n<\/ul>\n<p>&nbsp;<\/p>\n<h6><em><strong>Y por supuesto, esta idea y\/o proyecto debe:<\/strong><\/em><\/h6>\n<ul>\n<li>- Ser sustentable.<\/li>\n<li>- Ser aplicada en una comunidad rural.<\/li>\n<li>- Contar con viabilidad econ\u00f3mica y rentable.<\/li>\n<li>- Contemplar el contexto socioambiental.<\/li>\n<\/ul>\n<p>&nbsp;<\/p>\n<h5><strong>\u00bfCu\u00e1les son las comunidades preseleccionadas en las que se llevar\u00e1n a cabo los proyectos?<\/strong><\/h5>\n<p>Se seleccionaron comunidades de los 5 municipios del estado. Del municipio\u00a0 de La Paz se cuenta con la comunidad de Puerto Chale y El Anc\u00f3n, en el municipio de Los Cabos las comunidades de Matancitas, Cabo Pulmo y Los Pozos, del Municipio de Comond\u00fa las comunidades de San Juanico, San Luis Gonzaga, San Jos\u00e9 de la Noria, del municipio de Loreto la comunidad de San Nicol\u00e1s y del municipio de Muleg\u00e9 las comunidades de Ejido Luis Echeverr\u00eda y El Card\u00f3n.<\/p>\n<h5><strong>\u00bfPueden participar personas no nacidas en M\u00e9xico?<\/strong><\/h5>\n<p>As\u00ed es, cualquier persona con una idea y sin distinci\u00f3n de g\u00e9nero, nacionalidad, raza, ideales religiosos o cualquier otro aspecto que identifique las creencias y los gustos tiene el derecho a participar en la convocatoria. (necesario tiene que ser residente de B.C.S.).<\/p>\n<h5><strong>\u00bfQu\u00e9 es el esquema de Comunidad de proyectos?<\/strong><\/h5>\n<p>Es un grupo de personas interesadas en desarrollar una idea de proyectos para impulsar en las comunidades rurales de Baja California Sur. Ser parte de este grupo te da la facilidad de contactar con otros j\u00f3venes con proyectos y compartir ideas. Ser\u00e1n incluidos en un grupo de comunicaci\u00f3n interno y podr\u00e1n tomar las capacitaciones en modalidad virtual, adem\u00e1s de tener el acceso a asesor\u00edas por parte de tutores del Instituto Sudcaliforniano de la Juventud y por parte del Centro de Investigaciones Biol\u00f3gicas del Noroeste para resolver dudas referentes a los temas de los m\u00f3dulos impartidos.<\/p>\n<h5><strong>\u00bfC\u00f3mo ser\u00e1n las asesor\u00edas que brindar\u00e1n para resolver las dudas de los m\u00f3dulos y c\u00f3mo ser\u00e1n los medios para comunicar esas dudas?<\/strong><\/h5>\n<p>Ser\u00e1n asesor\u00edas por parte de personal capacitado de Centro de Investigaciones Biol\u00f3gicas del Noroeste (CIBNOR) y del Instituto Sudcaliforniano de la Juventud (ISJ), las modalidades ser\u00e1 mediante la plataforma Classroom en la que aquellas personas que tengan dudas espec\u00edficas de sus proyectos o m\u00f3dulos en los que est\u00e1n siendo capacitados\u00a0 podr\u00e1n comunicarse de manera directa mediante los medios internos de la plataforma Classroom. En caso de que no sean participe de este grupo puedes dejar un correo electr\u00f3nico a la direcci\u00f3n: <a href=\"mailto:seminariocerca2023@gmail.com\">seminariocerca2023@gmail.com<\/a><\/p>\n<h5><strong>\u00bfLa modalidad virtual tendr\u00e1 un periodo de tiempo para mirar el contenido multimedia (v\u00eddeos, im\u00e1genes, documentos digitales, etc.)?<\/strong><\/h5>\n<p>Se puede acceder a este contenido hasta el 22 de septiembre, es importante recalcar que parte del proceso de Comunidad de Proyectos (modalidad virtual) se debe cumplir con las conferencias de Sudcalifornia Ing\u00e9nita del 3 al 6 de octubre y con la pasarela de proyectos de 10 y 11 de octubre.<\/p>\n<h5><strong>\u00bfEn d\u00f3nde ser\u00e1n las sedes principales del seminario?\u00a0<\/strong><\/h5>\n<p>Las sedes por municipio son las siguientes:<\/p>\n<ol>\n<li>Loreto: UABCS CAMPUS LORETO.<\/li>\n<li>Muleg\u00e9: Plantel CECYT 01 MULEG\u00c9.<\/li>\n<li>Comond\u00fa: Plantel CECYT 10 CD CONSTITUCI\u00d3N.<\/li>\n<li>La Paz: Plantel CECYT 08 LA PAZ.<\/li>\n<li>Los Cabos: Plantel CECYT 07 SAN JOSE DEL CABO.<\/li>\n<\/ol>\n<\/div>\n<\/div><\/div><\/div><\/div><\/div><\/div>","protected":false},"excerpt":{"rendered":"<p>CERCA es una organizaci\u00f3n civil fundada en 2016, apartidista, que promueve la transici\u00f3n energ\u00e9tica y calidad ambiental para el estado de Baja California Sur, realiza las gestiones necesarias y su posicionamiento en la agenda p\u00fablica para la mejora de las pol\u00edticas p\u00fablicas. De manera adicional, trabaja de forma colaborativa con organizaciones, academia e instituciones de &hellip;<\/p>\n<p class=\"read-more\"> <a class=\"\" href=\"https:\/\/cerca.org.mx\/en\/?p=5213\"> <span class=\"screen-reader-text\">Seminario<\/span> Read More &raquo;<\/a><\/p>","protected":false},"author":1,"featured_media":0,"parent":0,"menu_order":0,"comment_status":"closed","ping_status":"closed","template":"","meta":{"footnotes":""},"class_list":["post-5153","page","type-page","status-publish","hentry"],"_links":{"self":[{"href":"https:\/\/cerca.org.mx\/en\/wp-json\/wp\/v2\/pages\/5153","targetHints":{"allow":["GET"]}}],"collection":[{"href":"https:\/\/cerca.org.mx\/en\/wp-json\/wp\/v2\/pages"}],"about":[{"href":"https:\/\/cerca.org.mx\/en\/wp-json\/wp\/v2\/types\/page"}],"author":[{"embeddable":true,"href":"https:\/\/cerca.org.mx\/en\/wp-json\/wp\/v2\/users\/1"}],"replies":[{"embeddable":true,"href":"https:\/\/cerca.org.mx\/en\/wp-json\/wp\/v2\/comments?post=5153"}],"version-history":[{"count":64,"href":"https:\/\/cerca.org.mx\/en\/wp-json\/wp\/v2\/pages\/5153\/revisions"}],"predecessor-version":[{"id":5244,"href":"https:\/\/cerca.org.mx\/en\/wp-json\/wp\/v2\/pages\/5153\/revisions\/5244"}],"wp:attachment":[{"href":"https:\/\/cerca.org.mx\/en\/wp-json\/wp\/v2\/media?parent=5153"}],"curies":[{"name":"wp","href":"https:\/\/api.w.org\/{rel}","templated":true}]}}